{"id":324,"date":"2024-09-13T14:36:59","date_gmt":"2024-09-13T12:36:59","guid":{"rendered":"https:\/\/tijafa.jafamatinik.mq\/plateforme\/?page_id=324"},"modified":"2025-01-20T17:17:50","modified_gmt":"2025-01-20T16:17:50","slug":"module-de-formation-5","status":"publish","type":"page","link":"https:\/\/tijafa.jafamatinik.mq\/plateforme\/module-de-formation-5\/","title":{"rendered":"La chlord\u00e9cone, un sujet d\u2019\u00e9ducation au d\u00e9veloppement durable\u00a0"},"content":{"rendered":"\n<div class=\"wp-block-buttons is-content-justification-center is-layout-flex wp-container-core-buttons-is-layout-16018d1d wp-block-buttons-is-layout-flex\">\n<div class=\"wp-block-button\"><a class=\"wp-block-button__link has-text-color has-background has-link-color wp-element-button\" href=\"https:\/\/tijafa.jafamatinik.mq\/plateforme\/module-de-formation-3\/\" style=\"color:#69727d;background-color:#fabb2a\"><strong>Contexte<\/strong><\/a><\/div>\n\n\n\n<div class=\"wp-block-button\"><a class=\"wp-block-button__link has-text-color has-background has-link-color wp-element-button\" href=\"https:\/\/tijafa.jafamatinik.mq\/plateforme\/module-de-formation-4\/\" style=\"color:#69727d;background-color:#fabb2a\"><strong><strong>Objectifs<\/strong> <\/strong><\/a><\/div>\n\n\n\n<div class=\"wp-block-button\"><a class=\"wp-block-button__link has-text-color has-background has-link-color wp-element-button\" href=\"https:\/\/tijafa.jafamatinik.mq\/plateforme\/module-de-formation-5\/\" style=\"color:#69727d;background-color:#fabb2a\"><strong><strong>EDD<\/strong><\/strong><\/a><\/div>\n\n\n\n<div class=\"wp-block-button\"><a class=\"wp-block-button__link has-text-color has-background has-link-color wp-element-button\" href=\"https:\/\/tijafa.jafamatinik.mq\/plateforme\/integrer-le-jeu-en-classe\/\" style=\"color:#69727d;background-color:#fabb2a\"><strong><strong>Ludop\u00e9dagogie<\/strong><\/strong><\/a><\/div>\n\n\n\n<div class=\"wp-block-button\"><a class=\"wp-block-button__link has-text-color has-background has-link-color wp-element-button\" href=\"https:\/\/tijafa.jafamatinik.mq\/plateforme\/le-jeu-de-plateau\/\" style=\"color:#69727d;background-color:#fabb2a\"><strong>Jeu de plateau<\/strong><\/a><\/div>\n\n\n\n<div class=\"wp-block-button\"><a class=\"wp-block-button__link has-text-color has-background has-link-color wp-element-button\" href=\"https:\/\/tijafa.jafamatinik.mq\/plateforme\/le-jeu-numerique\/\" style=\"color:#69727d;background-color:#fabb2a\"><strong>Jeu num\u00e9rique<\/strong><\/a><\/div>\n\n\n\n<div class=\"wp-block-button\"><a class=\"wp-block-button__link has-text-color has-background has-link-color wp-element-button\" href=\"https:\/\/tijafa.jafamatinik.mq\/plateforme\/les-ressources-pour-se-former-que-sait-on\/\" style=\"color:#69727d;background-color:#fabb2a\"><strong><strong>Ressources<\/strong><\/strong><\/a><\/div>\n\n\n\n<div class=\"wp-block-button\"><a class=\"wp-block-button__link has-text-color has-background has-link-color wp-element-button\" href=\"https:\/\/tijafa.jafamatinik.mq\/plateforme\/conclusion\/\" style=\"color:#69727d;background-color:#fabb2a\"><strong><strong>Conclusion<\/strong><\/strong><\/a><\/div>\n<\/div>\n\n\n\n<hr class=\"wp-block-separator has-text-color has-alpha-channel-opacity has-background\" style=\"background-color:#fabb2a;color:#fabb2a\"\/>\n\n\n\n<p>L&rsquo;\u00e9ducation au d\u00e9veloppement durable (EDD) est une \u00e9ducation transversale, qui int\u00e8gre les enjeux du d\u00e9veloppement durable dans les nouveaux programmes d&rsquo;enseignement de l&rsquo;\u00e9cole primaire et aux programmes d&rsquo;enseignement disciplinaires du coll\u00e8ge et du lyc\u00e9e g\u00e9n\u00e9ral, technologique et professionnel.&nbsp;<a href=\"https:\/\/www.education.gouv.fr\/l-education-au-developpement-durable-7136\">Education.gouv.fr<\/a><\/p>\n\n\n\n<h3 class=\"wp-block-heading has-text-color has-link-color wp-elements-69f1e695b27645c5078b220e4b43f24d\" style=\"color:#ff4e00\">Qu&rsquo;est ce que le d\u00e9veloppement durable ?<\/h3>\n\n\n\n<div class=\"wp-block-columns is-layout-flex wp-container-core-columns-is-layout-9d6595d7 wp-block-columns-is-layout-flex\">\n<div class=\"wp-block-column is-layout-flow wp-block-column-is-layout-flow\">\n<p>Le d\u00e9veloppement durable est <em>\u00ab\u00a0un d\u00e9veloppement qui r\u00e9pond aux besoins du pr\u00e9sent sans compromettre la capacit\u00e9 des g\u00e9n\u00e9rations futures \u00e0 r\u00e9pondre aux leurs\u00a0\u00bb<\/em>, citation de Mme Gro Harlem Brundtland, Premier Ministre norv\u00e9gien (1987).<\/p>\n\n\n\n<p>C&rsquo;est une conception de la croissance avec une perspective \u00e0 long terme et int\u00e9grant les contraintes \u00e9cologiques \u00e0 l&rsquo;\u00e9conomie.&nbsp;<\/p>\n\n\n\n<p><em>Source image : <a href=\"https:\/\/fr.wikipedia.org\/wiki\/D%C3%A9veloppement_durable#\/media\/Fichier:Diagramme_de_Venn_du_d%C3%A9veloppement_durable.svg\">wikipedia<\/a><\/em><\/p>\n<\/div>\n\n\n\n<div class=\"wp-block-column is-vertically-aligned-top is-layout-flow wp-block-column-is-layout-flow\"><div class=\"wp-block-image\">\n<figure class=\"aligncenter size-full is-resized\"><img loading=\"lazy\" decoding=\"async\" width=\"402\" height=\"381\" src=\"https:\/\/tijafa.jafamatinik.mq\/plateforme\/wp-content\/uploads\/2024\/09\/developpement-durable.jpg\" alt=\"\" class=\"wp-image-457\" style=\"width:294px;height:auto\" srcset=\"https:\/\/tijafa.jafamatinik.mq\/plateforme\/wp-content\/uploads\/2024\/09\/developpement-durable.jpg 402w, https:\/\/tijafa.jafamatinik.mq\/plateforme\/wp-content\/uploads\/2024\/09\/developpement-durable-300x284.jpg 300w\" sizes=\"auto, (max-width: 402px) 100vw, 402px\" \/><\/figure>\n<\/div><\/div>\n<\/div>\n\n\n\n<h3 class=\"wp-block-heading has-text-align-left has-text-color has-link-color wp-elements-0a5d66281a98f0a51d3eaeff4205e7f2\" style=\"color:#ff4e00\">L\u2019Ecole s\u2019engage dans la dynamique des Objectifs de D\u00e9veloppement Durable \u2013 Agenda 2023&nbsp;<\/h3>\n\n\n\n<p>L&rsquo;EDD doit se structurer autour de nouveaux axes dont l&rsquo;horizon est constitu\u00e9 par les objectifs de d\u00e9veloppement durable (ODD) de l&rsquo;ONU dans le cadre de l&rsquo;Agenda 2030.&nbsp;&nbsp;&nbsp;<\/p>\n\n\n\n<p>En 2015, les Etats membres des Nations unies ont \u00e9tabli 17 Objectifs de d\u00e9veloppement durable qui sont rassembl\u00e9s dans l&rsquo;Agenda 2030.&nbsp; Ils couvrent l\u2019int\u00e9gralit\u00e9 des enjeux du d\u00e9veloppement durable, pris au sens large, et portent donc sur des th\u00e9matiques environnementales, \u00e9conomiques et sociales.<\/p>\n\n\n\n<p>Les ODD nous donnent la marche \u00e0 suivre pour parvenir \u00e0 un avenir meilleur et plus durable pour tous. Ils r\u00e9pondent aux d\u00e9fis mondiaux auxquels nous sommes confront\u00e9s.&nbsp;<\/p>\n\n\n\n<p>En tant qu&rsquo;enseignant ou \u00e9ducateur, penser d\u00e8s le d\u00e9but en termes d&rsquo;ODD peut faciliter la mise en \u0153uvre de projets pluridisciplinaires.<\/p>\n\n\n\n<div class=\"wp-block-columns is-layout-flex wp-container-core-columns-is-layout-9d6595d7 wp-block-columns-is-layout-flex\">\n<div class=\"wp-block-column is-layout-flow wp-block-column-is-layout-flow\" style=\"flex-basis:66.66%\">\n<p class=\"has-text-align-left\"><code><div class=\"h5p-iframe-wrapper\"><iframe id=\"h5p-iframe-4\" class=\"h5p-iframe\" data-content-id=\"4\" style=\"height:1px\" src=\"about:blank\" frameBorder=\"0\" scrolling=\"no\" title=\"17 Objectifs de d\u00e9veloppement durable\"><\/iframe><\/div><\/code><\/p>\n\n\n\n<p><em>Source : <a href=\"https:\/\/www.agenda-2030.fr\/agenda-2030\/\">Agenda 2030 en France (Gouvernement)<\/a><\/em><\/p>\n<\/div>\n\n\n\n<div class=\"wp-block-column is-layout-flow wp-block-column-is-layout-flow\" style=\"flex-basis:33.33%\"><\/div>\n<\/div>\n\n\n\n<hr class=\"wp-block-separator has-text-color has-alpha-channel-opacity has-background\" style=\"background-color:#fabb2a;color:#fabb2a\"\/>\n\n\n\n<div class=\"wp-block-columns has-background is-layout-flex wp-container-core-columns-is-layout-9d6595d7 wp-block-columns-is-layout-flex\" style=\"background-color:#ffd6a661\">\n<div class=\"wp-block-column is-layout-flow wp-block-column-is-layout-flow\">\n<p><img loading=\"lazy\" decoding=\"async\" width=\"60\" height=\"56\" class=\"wp-image-931\" style=\"width: 60px;\" src=\"https:\/\/tijafa.jafamatinik.mq\/plateforme\/wp-content\/uploads\/2024\/11\/livre-range.png\" alt=\"\"> <strong><em>Pour aller plus loin <\/em><\/strong><\/p>\n\n\n\n<p>Nous vous proposons ci-dessous, quelques ressources compl\u00e9mentaires pour comprendre et travailler les ODD avec vos \u00e9l\u00e8ves<\/p>\n\n\n\n<ul class=\"wp-block-list\">\n<li>La page education.gouv : <a href=\"https:\/\/www.education.gouv.fr\/les-objectifs-de-developpement-durable-4205\">Comprendre les Objectifs de d\u00e9veloppement durable<\/a><\/li>\n\n\n\n<li>Le guide de la Fondation Tara Oc\u00e9an <a href=\"https:\/\/fondationtaraocean.org\/education\/guide-odd\/\" target=\"_blank\" rel=\"noreferrer noopener\">Les ODD, un levier pour l\u2019\u00e9ducation &#8211; Des rep\u00e8res et des pistes \u00e0 destination de la communaut\u00e9 \u00e9ducative<\/a>&nbsp;&nbsp;&nbsp;<\/li>\n\n\n\n<li>Les Posters Good Planet accompagn\u00e9 du <a href=\"https:\/\/cdn.reseau-canope.fr\/archivage\/valid\/NT-objectifs-de-developpement-durable---dossier-pedagogique-24243-16515.pdf\" target=\"_blank\" rel=\"noreferrer noopener\">Dossier p\u00e9dagogique<\/a>&nbsp;<\/li>\n\n\n\n<li>Un jeu de l&rsquo;oie <a href=\"https:\/\/go-goals.org\/fr\/\" target=\"_blank\" rel=\"noreferrer noopener\">pour comprendre les ODD<\/a>&nbsp;<\/li>\n\n\n\n<li>Le  <a href=\"https:\/\/magistere.education.fr\/reseau-canope\/course\/view.php?id=1159&amp;section=4\">Magist\u00e8re appliquer les ODD avec les \u00e9l\u00e8ves<\/a> (pour les enseignants : adresse mail acad\u00e9mique obligatoire) <\/li>\n<\/ul>\n<\/div>\n<\/div>\n\n\n\n<hr class=\"wp-block-separator has-text-color has-alpha-channel-opacity has-background is-style-default\" style=\"background-color:#fabb2a;color:#fabb2a\"\/>\n\n\n\n<div class=\"wp-block-columns has-background is-layout-flex wp-container-core-columns-is-layout-9d6595d7 wp-block-columns-is-layout-flex\" style=\"background-color:#fff0a69c\">\n<div class=\"wp-block-column is-layout-flow wp-block-column-is-layout-flow\">\n<p><img loading=\"lazy\" decoding=\"async\" width=\"60\" height=\"56\" class=\"wp-image-876\" style=\"width: 60px;\" src=\"https:\/\/tijafa.jafamatinik.mq\/plateforme\/wp-content\/uploads\/2024\/11\/livre-ecritures.png\" alt=\"\"><strong> Les 17 ODD fonctionnent souvent en interactions<\/strong> et ne sont pas d\u00e9connect\u00e9s les uns des autres.<\/p>\n\n\n\n<ol class=\"wp-block-list\">\n<li>Si ce n&rsquo;est pas d\u00e9j\u00e0 fait, prenez un moment pour \u00e9tudier la liste des ODD et leur description \u00e0 l&rsquo;aide de l&rsquo;infographie interactive situ\u00e9e ci-dessus.<\/li>\n\n\n\n<li>Rep\u00e9rez ceux pouvant \u00eatre concern\u00e9s par la th\u00e9matique de la chlord\u00e9cone et ainsi d\u00e9terminez les principaux angles pour aborder cette probl\u00e9matique. N&rsquo;h\u00e9sitez pas \u00e0  lier les ODD entre eux. Par exemple, traiter la chlord\u00e9cone sous l\u2019angle de la sant\u00e9 (ODD 3) ou de l&rsquo;accroissement des in\u00e9galit\u00e9s (ODD 10).<\/li>\n<\/ol>\n<\/div>\n<\/div>\n\n\n\n<hr class=\"wp-block-separator has-text-color has-alpha-channel-opacity has-background\" style=\"background-color:#fabb2a;color:#fabb2a\"\/>\n\n\n\n<h3 class=\"wp-block-heading has-text-color has-link-color wp-elements-316f1e0cfdc7328d1a2ad91462e56009\" style=\"color:#ff4e00\">Le r\u00e9f\u00e9rentiel de comp\u00e9tences en EDD&nbsp;<\/h3>\n\n\n\n<p>Le minist\u00e8re de l\u2019\u00c9ducation nationale et de la Jeunesse a publi\u00e9, en d\u00e9cembre 2023, un r\u00e9f\u00e9rentiel, des rep\u00e8res de progression et attendus de fin de cycle pour d\u00e9velopper les comp\u00e9tences des \u00e9l\u00e8ves pour l\u2019\u00e9ducation au d\u00e9veloppement durable et \u00e0 la transition \u00e9cologique.<\/p>\n\n\n\n<p>En cliquant sur le lien ci-apr\u00e8s, vous trouverez un document pr\u00e9sentant les lignes directrices de ce r\u00e9f\u00e9rentiel : <a href=\"https:\/\/www.education.gouv.fr\/media\/150128\/download\" target=\"_blank\" rel=\"noreferrer noopener\">un r\u00e9f\u00e9rentiel pour renforcer l\u2019\u00e9ducation au d\u00e9veloppement durable<\/a>.<\/p>\n\n\n\n<p>Ce r\u00e9f\u00e9rentiel, vise notamment \u00e0 structurer l&rsquo;apprentissage des \u00e9l\u00e8ves autour de quatre grands domaines de comp\u00e9tences pour la transition \u00e9cologique :<\/p>\n\n\n\n<ol class=\"wp-block-list\">\n<li><strong>Compr\u00e9hension de la complexit\u00e9 des enjeux<\/strong> : Les \u00e9l\u00e8ves sont amen\u00e9s \u00e0 explorer les probl\u00e9matiques complexes du d\u00e9veloppement durable.<\/li>\n\n\n\n<li><strong>Esprit critique<\/strong> : Ils doivent d\u00e9velopper un esprit critique pour appr\u00e9hender ces enjeux.<\/li>\n\n\n\n<li><strong>Comportement \u00e9thique et responsable<\/strong> : Les \u00e9l\u00e8ves sont encourag\u00e9s \u00e0 adopter un comportement respectueux de l&rsquo;environnement et des soci\u00e9t\u00e9s humaines.<\/li>\n\n\n\n<li><strong>Actions pour un monde durable<\/strong> : Ils apprennent \u00e0 agir de mani\u00e8re concr\u00e8te, individuellement et collectivement, en faveur d\u2019un avenir durable.<\/li>\n<\/ol>\n\n\n\n<div data-wp-interactive=\"core\/file\" class=\"wp-block-file\"><object data-wp-bind--hidden=\"!state.hasPdfPreview\" hidden class=\"wp-block-file__embed\" data=\"https:\/\/tijafa.jafamatinik.mq\/plateforme\/wp-content\/uploads\/2024\/09\/fiche_edd_4domaines_v3.pdf\" type=\"application\/pdf\" style=\"width:100%;height:600px\" aria-label=\"Contenu embarqu\u00e9 fiche_edd_4domaines_v3.\"><\/object><a id=\"wp-block-file--media-8dca4700-42d4-4ada-816e-a0a852cd3336\" href=\"https:\/\/tijafa.jafamatinik.mq\/plateforme\/wp-content\/uploads\/2024\/09\/fiche_edd_4domaines_v3.pdf\">fiche_edd_4domaines_v3<\/a><a href=\"https:\/\/tijafa.jafamatinik.mq\/plateforme\/wp-content\/uploads\/2024\/09\/fiche_edd_4domaines_v3.pdf\" class=\"wp-block-file__button wp-element-button\" download aria-describedby=\"wp-block-file--media-8dca4700-42d4-4ada-816e-a0a852cd3336\">T\u00e9l\u00e9charger<\/a><\/div>\n\n\n\n<p>Le r\u00e9f\u00e9rentiel est compl\u00e9t\u00e9 par des th\u00e9matiques transversales (biodiversit\u00e9 et \u00e9cosyst\u00e8mes, changement climatique, gestion des ressources min\u00e9rales, am\u00e9nagement durable des territoires etc.) et des rep\u00e8res de progression adapt\u00e9s \u00e0 chaque cycle \u00e9ducatif. Ces comp\u00e9tences sont travaill\u00e9es tout au long du parcours scolaire, de l\u2019\u00e9cole primaire jusqu\u2019au lyc\u00e9e.\u200b<\/p>\n\n\n\n<hr class=\"wp-block-separator has-text-color has-alpha-channel-opacity has-background is-style-default\" style=\"background-color:#fabb2a;color:#fabb2a\"\/>\n\n\n\n<p><\/p>\n\n\n\n<div class=\"wp-block-media-text has-media-on-the-right is-stacked-on-mobile is-vertically-aligned-center has-background\" style=\"background-color:#fff0a69c;grid-template-columns:auto 48%\"><div class=\"wp-block-media-text__content\">\n<p class=\"has-text-align-left\"><img loading=\"lazy\" decoding=\"async\" width=\"60\" height=\"56\" class=\"wp-image-876\" style=\"width: 60px;\" src=\"https:\/\/tijafa.jafamatinik.mq\/plateforme\/wp-content\/uploads\/2024\/11\/livre-ecritures.png\" alt=\"\"><strong> Les 4 comp\u00e9tences EDD : un outil pour penser\/   am\u00e9liorer sa s\u00e9quence<\/strong><\/p>\n\n\n\n<p>Bien \u00e9videmment, Il peut \u00eatre difficile de d\u00e9velopper toutes les comp\u00e9tences en une seule s\u00e9quence. N\u00e9anmoins, il est possible d\u2019utiliser ces 4 comp\u00e9tences du r\u00e9f\u00e9rentiel comme un outil pour penser et\/ou am\u00e9liorer les s\u00e9quences p\u00e9dagogiques.<\/p>\n<\/div><figure class=\"wp-block-media-text__media\"><img loading=\"lazy\" decoding=\"async\" width=\"1024\" height=\"614\" src=\"https:\/\/tijafa.jafamatinik.mq\/plateforme\/wp-content\/uploads\/2024\/11\/graphique1-V3-1024x614.jpg\" alt=\"\" class=\"wp-image-865 size-full\" srcset=\"https:\/\/tijafa.jafamatinik.mq\/plateforme\/wp-content\/uploads\/2024\/11\/graphique1-V3-1024x614.jpg 1024w, https:\/\/tijafa.jafamatinik.mq\/plateforme\/wp-content\/uploads\/2024\/11\/graphique1-V3-300x180.jpg 300w, https:\/\/tijafa.jafamatinik.mq\/plateforme\/wp-content\/uploads\/2024\/11\/graphique1-V3-768x461.jpg 768w, https:\/\/tijafa.jafamatinik.mq\/plateforme\/wp-content\/uploads\/2024\/11\/graphique1-V3-1536x922.jpg 1536w, https:\/\/tijafa.jafamatinik.mq\/plateforme\/wp-content\/uploads\/2024\/11\/graphique1-V3.jpg 2000w\" sizes=\"auto, (max-width: 1024px) 100vw, 1024px\" \/><\/figure><\/div>\n\n\n\n<div class=\"wp-block-media-text is-stacked-on-mobile\" style=\"grid-template-columns:49% auto\"><figure class=\"wp-block-media-text__media\"><img loading=\"lazy\" decoding=\"async\" width=\"1024\" height=\"614\" src=\"https:\/\/tijafa.jafamatinik.mq\/plateforme\/wp-content\/uploads\/2024\/11\/graphique2-V3-1024x614.jpg\" alt=\"\" class=\"wp-image-866 size-full\" srcset=\"https:\/\/tijafa.jafamatinik.mq\/plateforme\/wp-content\/uploads\/2024\/11\/graphique2-V3-1024x614.jpg 1024w, https:\/\/tijafa.jafamatinik.mq\/plateforme\/wp-content\/uploads\/2024\/11\/graphique2-V3-300x180.jpg 300w, https:\/\/tijafa.jafamatinik.mq\/plateforme\/wp-content\/uploads\/2024\/11\/graphique2-V3-768x461.jpg 768w, https:\/\/tijafa.jafamatinik.mq\/plateforme\/wp-content\/uploads\/2024\/11\/graphique2-V3-1536x922.jpg 1536w, https:\/\/tijafa.jafamatinik.mq\/plateforme\/wp-content\/uploads\/2024\/11\/graphique2-V3.jpg 2000w\" sizes=\"auto, (max-width: 1024px) 100vw, 1024px\" \/><\/figure><div class=\"wp-block-media-text__content\">\n<ul style=\"background-color:#fff0a69c\" class=\"wp-block-list has-background\">\n<li><strong>Si vous souhaitez am\u00e9liorer une s\u00e9quence existante<\/strong> : reliez les points entre eux et r\u00e9fl\u00e9chissez tout au long du module \u00e0 la mani\u00e8re d\u2019\u00e9tendre les comp\u00e9tences cibl\u00e9es.&nbsp;<strong><em>Pour cet exemple<\/em> ci-contre<\/strong>,<em> cette s\u00e9quence p\u00e9dagogique vise \u00e0 d\u00e9velopper l&rsquo;ouverture \u00e0 la complexit\u00e9 du d\u00e9veloppement durable et \u00e0 favoriser l&rsquo;esprit critique. Il est possible de r\u00e9fl\u00e9chir \u00e0 la compl\u00e9ter pour encourager un comportement \u00e9thique et le passage \u00e0 l&rsquo;action, tant collective qu&rsquo;individuelle.<\/em>&nbsp;<\/li>\n<\/ul>\n\n\n\n<p><\/p>\n\n\n\n<ul style=\"background-color:#fff0a69c\" class=\"wp-block-list has-background\">\n<li><strong>Si vous cr\u00e9ez une nouvelle s\u00e9quence ou un projet<\/strong>, consultez seulement le r\u00e9f\u00e9rentiel et r\u00e9fl\u00e9chissez aux comp\u00e9tences que vous souhaitez d\u00e9velopper gr\u00e2ce \u00e0 votre s\u00e9quence. Vous pourrez revenir sur ce sch\u00e9ma \u00e0 la fin du module.&nbsp;<\/li>\n<\/ul>\n<\/div><\/div>\n\n\n\n<hr class=\"wp-block-separator has-text-color has-alpha-channel-opacity has-background\" style=\"background-color:#fabb2a;color:#fabb2a\"\/>\n\n\n\n<div class=\"wp-block-columns is-layout-flex wp-container-core-columns-is-layout-9d6595d7 wp-block-columns-is-layout-flex\">\n<div class=\"wp-block-column is-layout-flow wp-block-column-is-layout-flow\"><\/div>\n\n\n\n<div class=\"wp-block-column is-layout-flow wp-block-column-is-layout-flow\"><\/div>\n<\/div>\n\n\n\n<div class=\"wp-block-buttons is-content-justification-space-between is-layout-flex wp-container-core-buttons-is-layout-3d213aab wp-block-buttons-is-layout-flex\">\n<div class=\"wp-block-button is-style-fill\"><a class=\"wp-block-button__link has-text-color has-background has-link-color wp-element-button\" href=\"https:\/\/tijafa.jafamatinik.mq\/plateforme\/module-de-formation-4\/\" style=\"border-radius:11px;color:#69727d;background-color:#fabb2a\"><strong>Pr\u00e9c\u00e9dent<\/strong><\/a><\/div>\n\n\n\n<div class=\"wp-block-button is-style-fill\"><a class=\"wp-block-button__link has-text-color has-background has-link-color wp-element-button\" href=\"https:\/\/tijafa.jafamatinik.mq\/plateforme\/integrer-le-jeu-en-classe\/\" style=\"border-radius:11px;color:#69727d;background-color:#fabb2a\"><strong>Suivant<\/strong><\/a><\/div>\n<\/div>\n\n\n\n<p><\/p>\n","protected":false},"excerpt":{"rendered":"<p>L&rsquo;\u00e9ducation au d\u00e9veloppement durable (EDD) est une \u00e9ducation transversale, qui int\u00e8gre les enjeux du d\u00e9veloppement durable dans les nouveaux programmes d&rsquo;enseignement de l&rsquo;\u00e9cole primaire et aux programmes d&rsquo;enseignement disciplinaires du coll\u00e8ge et du lyc\u00e9e g\u00e9n\u00e9ral, technologique et professionnel.&nbsp;Education.gouv.fr Qu&rsquo;est ce que le d\u00e9veloppement durable ? Le d\u00e9veloppement durable est \u00ab\u00a0un d\u00e9veloppement qui r\u00e9pond aux besoins &#8230; <a title=\"La chlord\u00e9cone, un sujet d\u2019\u00e9ducation au d\u00e9veloppement durable\u00a0\" class=\"read-more\" href=\"https:\/\/tijafa.jafamatinik.mq\/plateforme\/module-de-formation-5\/\" aria-label=\"En savoir plus sur La chlord\u00e9cone, un sujet d\u2019\u00e9ducation au d\u00e9veloppement durable\u00a0\">Lire la suite<\/a><\/p>\n","protected":false},"author":1,"featured_media":0,"parent":0,"menu_order":0,"comment_status":"closed","ping_status":"closed","template":"","meta":{"footnotes":""},"class_list":["post-324","page","type-page","status-publish"],"_links":{"self":[{"href":"https:\/\/tijafa.jafamatinik.mq\/plateforme\/wp-json\/wp\/v2\/pages\/324","targetHints":{"allow":["GET"]}}],"collection":[{"href":"https:\/\/tijafa.jafamatinik.mq\/plateforme\/wp-json\/wp\/v2\/pages"}],"about":[{"href":"https:\/\/tijafa.jafamatinik.mq\/plateforme\/wp-json\/wp\/v2\/types\/page"}],"author":[{"embeddable":true,"href":"https:\/\/tijafa.jafamatinik.mq\/plateforme\/wp-json\/wp\/v2\/users\/1"}],"replies":[{"embeddable":true,"href":"https:\/\/tijafa.jafamatinik.mq\/plateforme\/wp-json\/wp\/v2\/comments?post=324"}],"version-history":[{"count":75,"href":"https:\/\/tijafa.jafamatinik.mq\/plateforme\/wp-json\/wp\/v2\/pages\/324\/revisions"}],"predecessor-version":[{"id":1399,"href":"https:\/\/tijafa.jafamatinik.mq\/plateforme\/wp-json\/wp\/v2\/pages\/324\/revisions\/1399"}],"wp:attachment":[{"href":"https:\/\/tijafa.jafamatinik.mq\/plateforme\/wp-json\/wp\/v2\/media?parent=324"}],"curies":[{"name":"wp","href":"https:\/\/api.w.org\/{rel}","templated":true}]}}